{"id":7,"date":"2015-09-05T14:36:23","date_gmt":"2015-09-05T14:36:23","guid":{"rendered":"http:\/\/pro-musica-bremen.de\/?page_id=7"},"modified":"2025-05-18T16:50:54","modified_gmt":"2025-05-18T16:50:54","slug":"startseite","status":"publish","type":"page","link":"http:\/\/www.pro-musica-bremen.de\/","title":{"rendered":"Willkommen"},"content":{"rendered":"\n<p>Herzlich willkommen beim <strong>kammerchor pro musica bremen<\/strong>!<\/p>\n\n\n\n<p>Wir freuen uns, Sie auf unserer Webseite begr\u00fc\u00dfen zu d\u00fcrfen. Auf dieser Webseite wollen wir uns Ihnen vorstellen und Ihnen Informationen \u00fcber den <a href=\"http:\/\/www.pro-musica-bremen.de\/?page_id=11\">Chor<\/a>,\u00a0unsere <a href=\"http:\/\/www.pro-musica-bremen.de\/?page_id=9\">Chorleitung<\/a> sowie \u00fcber Konzerte oder Veranstaltungen geben.<\/p>\n\n\n\n<p>Sie haben auch die M\u00f6glichkeit, mit uns <a href=\"http:\/\/www.pro-musica-bremen.de\/?page_id=37\">Kontakt<\/a> aufzunehmen und sich in unseren E-Mail-Verteiler aufnehmen zu lassen. Damit werden Sie \u00fcber die n\u00e4chsten Konzerte und Termine automatisch informiert.<\/p>\n\n\n\n<p>Viel Freude beim Durchst\u00f6bern unserer Seiten und auf hoffentlich bald in einem unserer Konzerte!<\/p>\n","protected":false},"excerpt":{"rendered":"<p>Herzlich willkommen beim kammerchor pro musica bremen! Wir freuen uns, Sie auf unserer Webseite begr\u00fc\u00dfen zu d\u00fcrfen. Auf dieser Webseite wollen wir uns Ihnen vorstellen und Ihnen Informationen \u00fcber den Chor,\u00a0unsere Chorleitung sowie \u00fcber Konzerte oder Veranstaltungen geben. Sie haben auch die M\u00f6glichkeit, mit uns Kontakt aufzunehmen und sich in<\/p>\n","protected":false},"author":1,"featured_media":0,"parent":0,"menu_order":0,"comment_status":"closed","ping_status":"closed","template":"","meta":{"footnotes":""},"_links":{"self":[{"href":"http:\/\/www.pro-musica-bremen.de\/index.php?rest_route=\/wp\/v2\/pages\/7"}],"collection":[{"href":"http:\/\/www.pro-musica-bremen.de\/index.php?rest_route=\/wp\/v2\/pages"}],"about":[{"href":"http:\/\/www.pro-musica-bremen.de\/index.php?rest_route=\/wp\/v2\/types\/page"}],"author":[{"embeddable":true,"href":"http:\/\/www.pro-musica-bremen.de\/index.php?rest_route=\/wp\/v2\/users\/1"}],"replies":[{"embeddable":true,"href":"http:\/\/www.pro-musica-bremen.de\/index.php?rest_route=%2Fwp%2Fv2%2Fcomments&post=7"}],"version-history":[{"count":21,"href":"http:\/\/www.pro-musica-bremen.de\/index.php?rest_route=\/wp\/v2\/pages\/7\/revisions"}],"predecessor-version":[{"id":1306,"href":"http:\/\/www.pro-musica-bremen.de\/index.php?rest_route=\/wp\/v2\/pages\/7\/revisions\/1306"}],"wp:attachment":[{"href":"http:\/\/www.pro-musica-bremen.de\/index.php?rest_route=%2Fwp%2Fv2%2Fmedia&parent=7"}],"curies":[{"name":"wp","href":"https:\/\/api.w.org\/{rel}","templated":true}]}}